{"id":7192,"date":"2020-03-31T07:45:57","date_gmt":"2020-03-31T07:45:57","guid":{"rendered":"https:\/\/mandu.si\/fr\/home\/"},"modified":"2022-06-01T11:51:28","modified_gmt":"2022-06-01T11:51:28","slug":"home","status":"publish","type":"page","link":"https:\/\/festival-radovljica.si\/en\/home\/","title":{"rendered":"Home"},"content":{"rendered":"<div class=\"em em-view-container\" id=\"em-view-447644281\" data-view=\"event\">\r\n\t<div class=\"em-item em-item-single em-event em-event-single em-event-96 \" id=\"em-event-447644281\" data-view-id=\"447644281\">\r\n\t\t\n<div data-elementor-type=\"wp-post\" data-elementor-id=\"7192\" class=\"elementor elementor-7192\">\n<section class=\"elementor-section elementor-top-section elementor-element elementor-element-603dd1ed elementor-section-full_width elementor-section-height-default elementor-section-height-default\" data-id=\"603dd1ed\" data-element_type=\"section\">\n<div class=\"elementor-container elementor-column-gap-no\">\n<div class=\"elementor-column elementor-col-100 elementor-top-column elementor-element elementor-element-7fc3e744\" data-id=\"7fc3e744\" data-element_type=\"column\">\n<div class=\"elementor-widget-wrap elementor-element-populated\">\n<div class=\"elementor-element elementor-element-279bb59 elementor-widget elementor-widget-wp-widget-idenceaddons_slider_widget\" data-id=\"279bb59\" data-element_type=\"widget\" data-widget_type=\"wp-widget-idenceaddons_slider_widget.default\">\n<div class=\"elementor-widget-container\">\n<div class=\"wpm_eleslider_wrap\">\n<p>                <img decoding=\"async\" src=\"https:\/\/festival-radovljica.si\/wp-content\/plugins\/idence-addons\/assets\/images\/tail-spin.svg\" width=\"40\" alt=\"\"><\/p>\n<div class=\"wpm_eleslider loop owl-carousel loading\"><\/div>\n<p> <!-- end .wpm_eleslider --><\/p><\/div>\n<p> <!-- end .wpm_eleslider_wrap --><\/p>\n<div class=\"clearfix\"><\/div>\n<\/p><\/div>\n<\/p><\/div>\n<\/p><\/div>\n<\/p><\/div>\n<\/p><\/div>\n<\/section>\n<section class=\"elementor-section elementor-top-section elementor-element elementor-element-123eebdf elementor-section-full_width elementor-section-height-default elementor-section-height-default\" data-id=\"123eebdf\" data-element_type=\"section\" data-settings=\"{&quot;background_background&quot;:&quot;classic&quot;}\">\n<div class=\"elementor-container elementor-column-gap-no\">\n<div class=\"elementor-column elementor-col-100 elementor-top-column elementor-element elementor-element-18be7004\" data-id=\"18be7004\" data-element_type=\"column\">\n<div class=\"elementor-widget-wrap elementor-element-populated\">\n<section class=\"elementor-section elementor-inner-section elementor-element elementor-element-10b0864d elementor-section-boxed elementor-section-height-default elementor-section-height-default\" data-id=\"10b0864d\" data-element_type=\"section\">\n<div class=\"elementor-container elementor-column-gap-wider\">\n<div class=\"elementor-column elementor-col-50 elementor-inner-column elementor-element elementor-element-7d1463a1\" data-id=\"7d1463a1\" data-element_type=\"column\">\n<div class=\"elementor-widget-wrap elementor-element-populated\">\n<div class=\"elementor-element elementor-element-731e6af9 elementor-widget elementor-widget-heading\" data-id=\"731e6af9\" data-element_type=\"widget\" data-widget_type=\"heading.default\">\n<div class=\"elementor-widget-container\">\n<h2 class=\"elementor-heading-title elementor-size-xxl\">The jubilee 40th Radovljica 2022 Festival will take place from 5 to 23 August.<\/h2>\n<\/p><\/div>\n<\/p><\/div>\n<div class=\"elementor-element elementor-element-3a0c08ca elementor-widget elementor-widget-heading\" data-id=\"3a0c08ca\" data-element_type=\"widget\" data-widget_type=\"heading.default\">\n<div class=\"elementor-widget-container\">\n<h4 class=\"elementor-heading-title elementor-size-default\">Radovljica Early Music Society<\/h4>\n<\/p><\/div>\n<\/p><\/div>\n<\/p><\/div>\n<\/p><\/div>\n<div class=\"elementor-column elementor-col-50 elementor-inner-column elementor-element elementor-element-7aadef42\" data-id=\"7aadef42\" data-element_type=\"column\">\n<div class=\"elementor-widget-wrap elementor-element-populated\">\n\t\t\t\t\t\t\t<\/div>\n<\/p><\/div>\n<\/p><\/div>\n<\/section>\n<section class=\"elementor-section elementor-inner-section elementor-element elementor-element-f7c519a elementor-section-boxed elementor-section-height-default elementor-section-height-default\" data-id=\"f7c519a\" data-element_type=\"section\">\n<div class=\"elementor-container elementor-column-gap-wider\">\n<div class=\"elementor-column elementor-col-25 elementor-inner-column elementor-element elementor-element-36254bc elementor-hidden-tablet elementor-hidden-phone\" data-id=\"36254bc\" data-element_type=\"column\">\n<div class=\"elementor-widget-wrap elementor-element-populated\">\n<div class=\"elementor-element elementor-element-fc295f6 elementor-widget elementor-widget-image\" data-id=\"fc295f6\" data-element_type=\"widget\" data-widget_type=\"image.default\">\n<div class=\"elementor-widget-container\">\n\t\t\t\t\t\t\t\t\t\t\t\t\t\t\t<img fetchpriority=\"high\" decoding=\"async\" width=\"354\" height=\"360\" src=\"https:\/\/festival-radovljica.si\/wp-content\/uploads\/2022\/05\/maska.jpg\" class=\"attachment-large size-large wp-image-7017\" alt=\"\" srcset=\"https:\/\/festival-radovljica.si\/wp-content\/uploads\/2022\/05\/maska.jpg 354w, https:\/\/festival-radovljica.si\/wp-content\/uploads\/2022\/05\/maska-295x300.jpg 295w\" sizes=\"(max-width: 354px) 100vw, 354px\" \/>\t\t\t\t\t\t\t\t\t\t\t\t\t\t\t<\/div>\n<\/p><\/div>\n<\/p><\/div>\n<\/p><\/div>\n<div class=\"elementor-column elementor-col-50 elementor-inner-column elementor-element elementor-element-43de983\" data-id=\"43de983\" data-element_type=\"column\">\n<div class=\"elementor-widget-wrap elementor-element-populated\">\n<div class=\"elementor-element elementor-element-63aa6e9 elementor-widget elementor-widget-text-editor\" data-id=\"63aa6e9\" data-element_type=\"widget\" data-widget_type=\"text-editor.default\">\n<div class=\"elementor-widget-container\">\n<p>The programme will be available at the beginning of June. Performers will include the renowned viol consort Fretwork, the vocal ensemble Die Singphoniker, the Altemps string quartet, the renaissance flute consort Phaedrus, ensemble Opera Prima, soprano Amanda Forsythe, tenor Aco Aleksander Bi\u0161\u0107evi\u0107, and violinist Bojan \u010ci\u010di\u0107. The programmes will feature Handel&#8217;s cantatas, Purcell&#8217;s string fantasias, quartets by Schubert and Onslow, Johann Sebastian Bach&#8217;s complete sonatas and partitas, music by Francesco Pollini, Mozart and Bellini, as well as music by Antonio Tarsia (1643\u20131722), organist of Koper Cathedral.<\/p>\n<p><a href=\"https:\/\/festival-radovljica.si\/en\/festival-bus.html\" data-wplink-edit=\"true\">Free festival bus\u00a0<\/a>from Ljubljana and Kranj is available to all concerts.<\/p>\n<\/p><\/div>\n<\/p><\/div>\n<\/p><\/div>\n<\/p><\/div>\n<div class=\"elementor-column elementor-col-25 elementor-inner-column elementor-element elementor-element-6eafd69 elementor-hidden-tablet elementor-hidden-phone\" data-id=\"6eafd69\" data-element_type=\"column\">\n<div class=\"elementor-widget-wrap\">\n\t\t\t\t\t\t\t<\/div>\n<\/p><\/div>\n<\/p><\/div>\n<\/section><\/div>\n<\/p><\/div>\n<\/p><\/div>\n<\/section>\n<section class=\"elementor-section elementor-top-section elementor-element elementor-element-024853a elementor-section-boxed elementor-section-height-default elementor-section-height-default\" data-id=\"024853a\" data-element_type=\"section\">\n<div class=\"elementor-container elementor-column-gap-default\">\n<div class=\"elementor-column elementor-col-100 elementor-top-column elementor-element elementor-element-67aae3e\" data-id=\"67aae3e\" data-element_type=\"column\">\n<div class=\"elementor-widget-wrap elementor-element-populated\">\n<div class=\"elementor-element elementor-element-4c4a9313 elementor-widget elementor-widget-heading\" data-id=\"4c4a9313\" data-element_type=\"widget\" data-widget_type=\"heading.default\">\n<div class=\"elementor-widget-container\">\n<h2 class=\"elementor-heading-title elementor-size-xl\">Programme<\/h2>\n<\/p><\/div>\n<\/p><\/div>\n<div class=\"elementor-element elementor-element-4444f52d elementor-widget-divider--view-line elementor-widget elementor-widget-divider\" data-id=\"4444f52d\" data-element_type=\"widget\" data-widget_type=\"divider.default\">\n<div class=\"elementor-widget-container\">\n<div class=\"elementor-divider\">\n\t\t\t<span class=\"elementor-divider-separator\"><br \/>\n\t\t\t\t\t\t<\/span>\n\t\t<\/div>\n<\/p><\/div>\n<\/p><\/div>\n<div class=\"elementor-element elementor-element-6607afde elementor-widget elementor-widget-heading\" data-id=\"6607afde\" data-element_type=\"widget\" data-widget_type=\"heading.default\">\n<div class=\"elementor-widget-container\">\n<h4 class=\"elementor-heading-title elementor-size-default\">40th Radovljica 2022 Festival <\/h4>\n<\/p><\/div>\n<\/p><\/div>\n<section class=\"elementor-section elementor-inner-section elementor-element elementor-element-76163a2e elementor-hidden-desktop elementor-hidden-tablet elementor-hidden-mobile elementor-section-boxed elementor-section-height-default elementor-section-height-default\" data-id=\"76163a2e\" data-element_type=\"section\">\n<div class=\"elementor-container elementor-column-gap-wider\">\n<div class=\"elementor-column elementor-col-100 elementor-inner-column elementor-element elementor-element-18494687\" data-id=\"18494687\" data-element_type=\"column\">\n<div class=\"elementor-widget-wrap elementor-element-populated\">\n<div class=\"elementor-element elementor-element-945d936 elementor-grid-eael-col-3 elementor-grid-tablet-eael-col-2 elementor-grid-mobile-eael-col-1 elementor-widget elementor-widget-eael-post-grid\" data-id=\"945d936\" data-element_type=\"widget\" data-settings=\"{&quot;eael_post_grid_columns&quot;:&quot;eael-col-3&quot;,&quot;eael_post_grid_columns_tablet&quot;:&quot;eael-col-2&quot;,&quot;eael_post_grid_columns_mobile&quot;:&quot;eael-col-1&quot;}\" data-widget_type=\"eael-post-grid.default\">\n<div class=\"elementor-widget-container\">\n<div id=\"eael-post-grid-945d936\" class=\"eael-post-grid-container\">\n<div class=\"eael-post-grid eael-post-appender eael-post-appender-945d936 eael-post-grid-style-one\" data-layout-mode=\"masonry\">\n<article class=\"eael-grid-post  eael-post-grid-column eael-pg-post-9950\" data-id=\"9950\">\n<div class=\"eael-grid-post-holder\">\n<div class=\"eael-grid-post-holder-inner\">\n<div class=\"eael-entry-media\">\n<div class=\"eael-entry-overlay fade-in\"><i class=\"fas fa-long-arrow-alt-right\" aria-hidden=\"true\"><\/i><a href=\"https:\/\/festival-radovljica.si\/en\/event\/matteo-da-perugia-and-the-health-of-the-world\/\"><\/a><\/div>\n<div class=\"eael-entry-thumbnail \">\n                <img decoding=\"async\" width=\"300\" height=\"227\" src=\"https:\/\/festival-radovljica.si\/wp-content\/uploads\/2025\/05\/26-avg-La-fonte-musica-300x227.jpg\" class=\"attachment-medium size-medium wp-image-9886\" alt=\"\" srcset=\"https:\/\/festival-radovljica.si\/wp-content\/uploads\/2025\/05\/26-avg-La-fonte-musica-300x227.jpg 300w, https:\/\/festival-radovljica.si\/wp-content\/uploads\/2025\/05\/26-avg-La-fonte-musica-1024x775.jpg 1024w, https:\/\/festival-radovljica.si\/wp-content\/uploads\/2025\/05\/26-avg-La-fonte-musica-768x581.jpg 768w, https:\/\/festival-radovljica.si\/wp-content\/uploads\/2025\/05\/26-avg-La-fonte-musica.jpg 1280w\" sizes=\"(max-width: 300px) 100vw, 300px\" \/>\n            <\/div>\n<\/p><\/div>\n<div class=\"eael-entry-wrapper\">\n<header class=\"eael-entry-header\">\n<h2 class=\"eael-entry-title\"><a class=\"eael-grid-post-link\" href=\"https:\/\/festival-radovljica.si\/en\/event\/matteo-da-perugia-and-the-health-of-the-world\/\" title=\"MATTEO DA PERUGIA AND THE HEALTH OF THE WORLD\">MATTEO DA PERUGIA AND THE HEALTH OF THE WORLD<\/a><\/h2>\n<\/header>\n<div class=\"eael-entry-content\">\n<div class=\"eael-grid-post-excerpt\">\n<p>26. August, 2025 @ 20:00 &#8211; St Peter\u2019s Church, Radovljica<\/p>\n<p><a href=\"https:\/\/festival-radovljica.si\/en\/event\/matteo-da-perugia-and-the-health-of-the-world\/\" class=\"eael-post-elements-readmore-btn\">Read more<\/a><\/div>\n<\/p><\/div>\n<div class=\"eael-entry-footer\">\n<div class=\"eael-entry-meta\"><\/div>\n<\/div>\n<\/div>\n<\/div><\/div>\n<\/article>\n<article class=\"eael-grid-post  eael-post-grid-column eael-pg-post-9949\" data-id=\"9949\">\n<div class=\"eael-grid-post-holder\">\n<div class=\"eael-grid-post-holder-inner\">\n<div class=\"eael-entry-media\">\n<div class=\"eael-entry-overlay fade-in\"><i class=\"fas fa-long-arrow-alt-right\" aria-hidden=\"true\"><\/i><a href=\"https:\/\/festival-radovljica.si\/en\/event\/bachs-sonatas-for-viola-da-gamba\/\"><\/a><\/div>\n<div class=\"eael-entry-thumbnail \">\n                <img decoding=\"async\" width=\"300\" height=\"200\" src=\"https:\/\/festival-radovljica.si\/wp-content\/uploads\/2025\/05\/24-avg-Celine-Frisch-foto-Jean-Baptiste-Millot-300x200.jpg\" class=\"attachment-medium size-medium wp-image-9876\" alt=\"\" srcset=\"https:\/\/festival-radovljica.si\/wp-content\/uploads\/2025\/05\/24-avg-Celine-Frisch-foto-Jean-Baptiste-Millot-300x200.jpg 300w, https:\/\/festival-radovljica.si\/wp-content\/uploads\/2025\/05\/24-avg-Celine-Frisch-foto-Jean-Baptiste-Millot-1024x682.jpg 1024w, https:\/\/festival-radovljica.si\/wp-content\/uploads\/2025\/05\/24-avg-Celine-Frisch-foto-Jean-Baptiste-Millot-768x511.jpg 768w, https:\/\/festival-radovljica.si\/wp-content\/uploads\/2025\/05\/24-avg-Celine-Frisch-foto-Jean-Baptiste-Millot-485x325.jpg 485w, https:\/\/festival-radovljica.si\/wp-content\/uploads\/2025\/05\/24-avg-Celine-Frisch-foto-Jean-Baptiste-Millot.jpg 1280w\" sizes=\"(max-width: 300px) 100vw, 300px\" \/>\n            <\/div>\n<\/p><\/div>\n<div class=\"eael-entry-wrapper\">\n<header class=\"eael-entry-header\">\n<h2 class=\"eael-entry-title\"><a class=\"eael-grid-post-link\" href=\"https:\/\/festival-radovljica.si\/en\/event\/bachs-sonatas-for-viola-da-gamba\/\" title=\"BACH\u2019S SONATAS FOR VIOLA DA GAMBA\">BACH\u2019S SONATAS FOR VIOLA DA GAMBA<\/a><\/h2>\n<\/header>\n<div class=\"eael-entry-content\">\n<div class=\"eael-grid-post-excerpt\">\n<p>24. August, 2025 @ 20:00 &#8211; Radovljica Manor<\/p>\n<p><a href=\"https:\/\/festival-radovljica.si\/en\/event\/bachs-sonatas-for-viola-da-gamba\/\" class=\"eael-post-elements-readmore-btn\">Read more<\/a><\/div>\n<\/p><\/div>\n<div class=\"eael-entry-footer\">\n<div class=\"eael-entry-meta\"><\/div>\n<\/div>\n<\/div>\n<\/div><\/div>\n<\/article>\n<article class=\"eael-grid-post  eael-post-grid-column eael-pg-post-9948\" data-id=\"9948\">\n<div class=\"eael-grid-post-holder\">\n<div class=\"eael-grid-post-holder-inner\">\n<div class=\"eael-entry-media\">\n<div class=\"eael-entry-overlay fade-in\"><i class=\"fas fa-long-arrow-alt-right\" aria-hidden=\"true\"><\/i><a href=\"https:\/\/festival-radovljica.si\/en\/event\/hecuba-queen-of-troy\/\"><\/a><\/div>\n<div class=\"eael-entry-thumbnail \">\n                <img loading=\"lazy\" decoding=\"async\" width=\"300\" height=\"200\" src=\"https:\/\/festival-radovljica.si\/wp-content\/uploads\/2025\/05\/23-avg-Dialogos-in-Kantaduri-foto-Zeljko-Karavida-1-300x200.jpg\" class=\"attachment-medium size-medium wp-image-9868\" alt=\"\" srcset=\"https:\/\/festival-radovljica.si\/wp-content\/uploads\/2025\/05\/23-avg-Dialogos-in-Kantaduri-foto-Zeljko-Karavida-1-300x200.jpg 300w, https:\/\/festival-radovljica.si\/wp-content\/uploads\/2025\/05\/23-avg-Dialogos-in-Kantaduri-foto-Zeljko-Karavida-1-1024x683.jpg 1024w, https:\/\/festival-radovljica.si\/wp-content\/uploads\/2025\/05\/23-avg-Dialogos-in-Kantaduri-foto-Zeljko-Karavida-1-768x512.jpg 768w, https:\/\/festival-radovljica.si\/wp-content\/uploads\/2025\/05\/23-avg-Dialogos-in-Kantaduri-foto-Zeljko-Karavida-1-485x325.jpg 485w, https:\/\/festival-radovljica.si\/wp-content\/uploads\/2025\/05\/23-avg-Dialogos-in-Kantaduri-foto-Zeljko-Karavida-1.jpg 1280w\" sizes=\"(max-width: 300px) 100vw, 300px\" \/>\n            <\/div>\n<\/p><\/div>\n<div class=\"eael-entry-wrapper\">\n<header class=\"eael-entry-header\">\n<h2 class=\"eael-entry-title\"><a class=\"eael-grid-post-link\" href=\"https:\/\/festival-radovljica.si\/en\/event\/hecuba-queen-of-troy\/\" title=\"HECUBA, QUEEN OF TROY\">HECUBA, QUEEN OF TROY<\/a><\/h2>\n<\/header>\n<div class=\"eael-entry-content\">\n<div class=\"eael-grid-post-excerpt\">\n<p>23. August, 2025 @ 20:00 &#8211; St Peter\u2019s Church, Radovljica<\/p>\n<p><a href=\"https:\/\/festival-radovljica.si\/en\/event\/hecuba-queen-of-troy\/\" class=\"eael-post-elements-readmore-btn\">Read more<\/a><\/div>\n<\/p><\/div>\n<div class=\"eael-entry-footer\">\n<div class=\"eael-entry-meta\"><\/div>\n<\/div>\n<\/div>\n<\/div><\/div>\n<\/article>\n<article class=\"eael-grid-post  eael-post-grid-column eael-pg-post-9947\" data-id=\"9947\">\n<div class=\"eael-grid-post-holder\">\n<div class=\"eael-grid-post-holder-inner\">\n<div class=\"eael-entry-media\">\n<div class=\"eael-entry-overlay fade-in\"><i class=\"fas fa-long-arrow-alt-right\" aria-hidden=\"true\"><\/i><a href=\"https:\/\/festival-radovljica.si\/en\/event\/clara-schumann-at-the-piano\/\"><\/a><\/div>\n<div class=\"eael-entry-thumbnail \">\n                <img loading=\"lazy\" decoding=\"async\" width=\"300\" height=\"200\" src=\"https:\/\/festival-radovljica.si\/wp-content\/uploads\/2025\/05\/21-avg-Olga-Pashchenko-foto-Melle-Meivogel-1-300x200.jpg\" class=\"attachment-medium size-medium wp-image-9861\" alt=\"\" srcset=\"https:\/\/festival-radovljica.si\/wp-content\/uploads\/2025\/05\/21-avg-Olga-Pashchenko-foto-Melle-Meivogel-1-300x200.jpg 300w, https:\/\/festival-radovljica.si\/wp-content\/uploads\/2025\/05\/21-avg-Olga-Pashchenko-foto-Melle-Meivogel-1-1024x682.jpg 1024w, https:\/\/festival-radovljica.si\/wp-content\/uploads\/2025\/05\/21-avg-Olga-Pashchenko-foto-Melle-Meivogel-1-768x512.jpg 768w, https:\/\/festival-radovljica.si\/wp-content\/uploads\/2025\/05\/21-avg-Olga-Pashchenko-foto-Melle-Meivogel-1-485x325.jpg 485w, https:\/\/festival-radovljica.si\/wp-content\/uploads\/2025\/05\/21-avg-Olga-Pashchenko-foto-Melle-Meivogel-1.jpg 1280w\" sizes=\"(max-width: 300px) 100vw, 300px\" \/>\n            <\/div>\n<\/p><\/div>\n<div class=\"eael-entry-wrapper\">\n<header class=\"eael-entry-header\">\n<h2 class=\"eael-entry-title\"><a class=\"eael-grid-post-link\" href=\"https:\/\/festival-radovljica.si\/en\/event\/clara-schumann-at-the-piano\/\" title=\"CLARA SCHUMANN AT THE PIANO\">CLARA SCHUMANN AT THE PIANO<\/a><\/h2>\n<\/header>\n<div class=\"eael-entry-content\">\n<div class=\"eael-grid-post-excerpt\">\n<p>21. August, 2025 @ 20:00 &#8211; Radovljica Manor<\/p>\n<p><a href=\"https:\/\/festival-radovljica.si\/en\/event\/clara-schumann-at-the-piano\/\" class=\"eael-post-elements-readmore-btn\">Read more<\/a><\/div>\n<\/p><\/div>\n<div class=\"eael-entry-footer\">\n<div class=\"eael-entry-meta\"><\/div>\n<\/div>\n<\/div>\n<\/div><\/div>\n<\/article>\n<\/div>\n<div class=\"clearfix\"><\/div>\n<\/p><\/div>\n<div class=\"eael-load-more-button-wrap\">\n                <button class=\"eael-load-more-button\" id=\"eael-load-more-btn-945d936\" data-widget-id=\"945d936\" data-widget=\"945d936\" data-page-id=\"7192\" data-template=\"{&quot;dir&quot;:&quot;lite&quot;,&quot;file_name&quot;:&quot;one.php&quot;,&quot;name&quot;:&quot;Post-Grid&quot;}\" data-class=\"Essential_Addons_Elementor\\Elements\\Post_Grid\" data-layout=\"masonry\" data-page=\"1\" data-args=\"orderby=date&amp;order=desc&amp;ignore_sticky_posts=1&amp;post_status=publish&amp;posts_per_page=4&amp;offset=0&amp;post_type=event\" data-max-page=\"12\"><br \/>\n                    <span class=\"eael-btn-loader button__loader\"><\/span><br \/>\n                    <span class=\"eael_load_more_text\">Load more<\/span><br \/>\n                <\/button>\n            <\/div>\n<\/p><\/div>\n<\/p><\/div>\n<\/p><\/div>\n<\/p><\/div>\n<\/p><\/div>\n<\/section><\/div>\n<\/p><\/div>\n<\/p><\/div>\n<\/section><\/div>\n\r\n\t<\/div>\r\n<\/div>\r\n\t","protected":false},"excerpt":{"rendered":"<div class=\"tmnf_excerpt\"><p>21. August, 2025 @ 20:00 &#8211; <\/p>\n<p>Radovljica Manor<\/p>\n<\/div>","protected":false},"author":1,"featured_media":0,"parent":0,"menu_order":0,"comment_status":"closed","ping_status":"closed","template":"elementor_header_footer","meta":{"footnotes":""},"class_list":["post-7192","page","type-page","status-publish","hentry"],"aioseo_notices":[],"_links":{"self":[{"href":"https:\/\/festival-radovljica.si\/en\/wp-json\/wp\/v2\/pages\/7192","targetHints":{"allow":["GET"]}}],"collection":[{"href":"https:\/\/festival-radovljica.si\/en\/wp-json\/wp\/v2\/pages"}],"about":[{"href":"https:\/\/festival-radovljica.si\/en\/wp-json\/wp\/v2\/types\/page"}],"author":[{"embeddable":true,"href":"https:\/\/festival-radovljica.si\/en\/wp-json\/wp\/v2\/users\/1"}],"replies":[{"embeddable":true,"href":"https:\/\/festival-radovljica.si\/en\/wp-json\/wp\/v2\/comments?post=7192"}],"version-history":[{"count":12,"href":"https:\/\/festival-radovljica.si\/en\/wp-json\/wp\/v2\/pages\/7192\/revisions"}],"predecessor-version":[{"id":7395,"href":"https:\/\/festival-radovljica.si\/en\/wp-json\/wp\/v2\/pages\/7192\/revisions\/7395"}],"wp:attachment":[{"href":"https:\/\/festival-radovljica.si\/en\/wp-json\/wp\/v2\/media?parent=7192"}],"curies":[{"name":"wp","href":"https:\/\/api.w.org\/{rel}","templated":true}]}}